{"id":23969,"date":"2023-02-14T14:32:22","date_gmt":"2023-02-14T13:32:22","guid":{"rendered":"https:\/\/huisartsjavea.com\/huisarts-javea-anne-marie-le-clercq\/"},"modified":"2023-03-22T17:28:01","modified_gmt":"2023-03-22T16:28:01","slug":"javea-anne-marie-le-clercq","status":"publish","type":"page","link":"https:\/\/huisartsjavea.com\/es\/medicos-de-cabecera\/javea-anne-marie-le-clercq\/","title":{"rendered":"M\u00e9dico de cabecera"},"content":{"rendered":"\t\t<div data-elementor-type=\"wp-page\" data-elementor-id=\"23969\" class=\"elementor elementor-23969 elementor-21737\">\n\t\t\t\t\t\t\t\t\t<section class=\"elementor-section elementor-top-section elementor-element elementor-element-555ecd8f elementor-section-boxed elementor-section-height-default elementor-section-height-default qodef-elementor-content-no\" data-id=\"555ecd8f\" data-element_type=\"section\">\n\t\t\t\t\t\t<div class=\"elementor-container elementor-column-gap-default\">\n\t\t\t\t\t<div class=\"elementor-column elementor-col-100 elementor-top-column elementor-element elementor-element-7b07e529\" data-id=\"7b07e529\" data-element_type=\"column\">\n\t\t\t<div class=\"elementor-widget-wrap elementor-element-populated\">\n\t\t\t\t\t\t\t\t<div class=\"elementor-element elementor-element-281adcc3 elementor-widget elementor-widget-hibiscus_core_section_title\" data-id=\"281adcc3\" data-element_type=\"widget\" data-widget_type=\"hibiscus_core_section_title.default\">\n\t\t\t\t<div class=\"elementor-widget-container\">\n\t\t\t<div class=\"qodef-shortcode qodef-m  qodef-section-title qodef-alignment--left   qodef--has-appear\">\n\t<div class=\"qodef-e-sunrays\" >\n\t\t<svg class=\"qodef-svg--sunrays\" xmlns=\"http:\/\/www.w3.org\/2000\/svg\" width=\"55\" height=\"30\" viewBox=\"0 0 55 30\"><g transform=\"translate(-1432 -588)\"><line x1=\"18\" transform=\"translate(1432 617.5)\" fill=\"none\" stroke=\"currentColor\" stroke-miterlimit=\"10\" stroke-width=\"1\"\/><line x1=\"16.628\" y1=\"6.889\" transform=\"translate(1433.458 607.414)\" fill=\"none\" stroke=\"currentColor\" stroke-miterlimit=\"10\" stroke-width=\"1\"\/><line x1=\"12.727\" y1=\"12.728\" transform=\"translate(1439.408 598.494)\" fill=\"none\" stroke=\"currentColor\" stroke-miterlimit=\"10\" stroke-width=\"1\"\/><line x1=\"6.888\" y1=\"16.629\" transform=\"translate(1448.056 591.685)\" fill=\"none\" stroke=\"currentColor\" stroke-miterlimit=\"10\" stroke-width=\"1\"\/><line y1=\"19\" transform=\"translate(1459.5 588)\" fill=\"none\" stroke=\"currentColor\" stroke-miterlimit=\"10\" stroke-width=\"1\"\/><line y1=\"16.631\" x2=\"6.888\" transform=\"translate(1464.056 591.685)\" fill=\"none\" stroke=\"currentColor\" stroke-miterlimit=\"10\" stroke-width=\"1\"\/><line x2=\"12.729\" y1=\"12.729\" y2=\"0\" transform=\"translate(1466.57 598.493)\" fill=\"none\" stroke=\"currentColor\" stroke-miterlimit=\"10\" stroke-width=\"1\"\/><line x2=\"16.631\" y1=\"6.889\" y2=\"0\" transform=\"translate(1468.619 607.414)\" fill=\"none\" stroke=\"currentColor\" stroke-miterlimit=\"10\" stroke-width=\"1\"\/><line x2=\"18\" transform=\"translate(1469 617.5)\" fill=\"none\" stroke=\"currentColor\" stroke-miterlimit=\"10\" stroke-width=\"1\"\/><\/g><\/svg>\t<\/div>\n\t\t<h2 class=\"qodef-m-title\" >\n\t\t\t\t\tAnne-Marie Le Clercq\t\t\t<\/h2>\n\t\t<\/div>\n\t\t<\/div>\n\t\t\t\t<\/div>\n\t\t\t\t<div class=\"elementor-element elementor-element-6906eb7c elementor-widget elementor-widget-text-editor\" data-id=\"6906eb7c\" data-element_type=\"widget\" data-widget_type=\"text-editor.default\">\n\t\t\t\t<div class=\"elementor-widget-container\">\n\t\t\t<style>\/*! elementor - v3.11.2 - 22-02-2023 *\/\n.elementor-widget-text-editor.elementor-drop-cap-view-stacked .elementor-drop-cap{background-color:#818a91;color:#fff}.elementor-widget-text-editor.elementor-drop-cap-view-framed .elementor-drop-cap{color:#818a91;border:3px solid;background-color:transparent}.elementor-widget-text-editor:not(.elementor-drop-cap-view-default) .elementor-drop-cap{margin-top:8px}.elementor-widget-text-editor:not(.elementor-drop-cap-view-default) .elementor-drop-cap-letter{width:1em;height:1em}.elementor-widget-text-editor .elementor-drop-cap{float:left;text-align:center;line-height:1;font-size:50px}.elementor-widget-text-editor .elementor-drop-cap-letter{display:inline-block}<\/style>\t\t\t\t<p>Anne-Marie Le Clerq ejerce como m\u00e9dico de cabecera desde 2019 y desde 2021 en la Costa Blanca. Tras finalizar sus estudios en Psicolog\u00eda en Utrecht y Medicina en Groningen obtuvo experiencia en el \u00e1mbito de psiquiatr\u00eda infantil y el cuidado de personas mayores.<\/p>\t\t\t\t\t\t<\/div>\n\t\t\t\t<\/div>\n\t\t\t\t<section class=\"elementor-section elementor-inner-section elementor-element elementor-element-7d97d011 elementor-section-boxed elementor-section-height-default elementor-section-height-default qodef-elementor-content-no\" data-id=\"7d97d011\" data-element_type=\"section\">\n\t\t\t\t\t\t<div class=\"elementor-container elementor-column-gap-default\">\n\t\t\t\t\t<div class=\"elementor-column elementor-col-50 elementor-inner-column elementor-element elementor-element-359871a2\" data-id=\"359871a2\" data-element_type=\"column\">\n\t\t\t<div class=\"elementor-widget-wrap elementor-element-populated\">\n\t\t\t\t\t\t\t\t<div class=\"elementor-element elementor-element-1eeda433 elementor-widget elementor-widget-image\" data-id=\"1eeda433\" data-element_type=\"widget\" data-widget_type=\"image.default\">\n\t\t\t\t<div class=\"elementor-widget-container\">\n\t\t\t<style>\/*! elementor - v3.11.2 - 22-02-2023 *\/\n.elementor-widget-image{text-align:center}.elementor-widget-image a{display:inline-block}.elementor-widget-image a img[src$=\".svg\"]{width:48px}.elementor-widget-image img{vertical-align:middle;display:inline-block}<\/style>\t\t\t\t\t\t\t\t\t\t\t\t<img loading=\"lazy\" decoding=\"async\" width=\"1147\" height=\"1485\" src=\"https:\/\/huisartsjavea.com\/wp-content\/uploads\/2023\/02\/Anne-Marie-Le-Clercq-Huisarts-Javea-1.jpg\" class=\"attachment-2048x2048 size-2048x2048 wp-image-21743\" alt=\"Huisarts Javea Dr. Anne-Marie Le Clercq\" srcset=\"https:\/\/huisartsjavea.com\/wp-content\/uploads\/2023\/02\/Anne-Marie-Le-Clercq-Huisarts-Javea-1.jpg 1147w, https:\/\/huisartsjavea.com\/wp-content\/uploads\/2023\/02\/Anne-Marie-Le-Clercq-Huisarts-Javea-1-232x300.jpg 232w, https:\/\/huisartsjavea.com\/wp-content\/uploads\/2023\/02\/Anne-Marie-Le-Clercq-Huisarts-Javea-1-791x1024.jpg 791w, https:\/\/huisartsjavea.com\/wp-content\/uploads\/2023\/02\/Anne-Marie-Le-Clercq-Huisarts-Javea-1-768x994.jpg 768w\" sizes=\"auto, (max-width: 1147px) 100vw, 1147px\" \/>\t\t\t\t\t\t\t\t\t\t\t\t\t\t\t<\/div>\n\t\t\t\t<\/div>\n\t\t\t\t\t<\/div>\n\t\t<\/div>\n\t\t\t\t<div class=\"elementor-column elementor-col-50 elementor-inner-column elementor-element elementor-element-15d761bf\" data-id=\"15d761bf\" data-element_type=\"column\">\n\t\t\t<div class=\"elementor-widget-wrap elementor-element-populated\">\n\t\t\t\t\t\t\t\t<div class=\"elementor-element elementor-element-50f298da elementor-widget elementor-widget-text-editor\" data-id=\"50f298da\" data-element_type=\"widget\" data-widget_type=\"text-editor.default\">\n\t\t\t\t<div class=\"elementor-widget-container\">\n\t\t\t\t\t\t\t<p>Su deseo de convertirse en m\u00e9dico de cabecera provino de su inter\u00e9s por la medicina y el trato con pacientes de todas las edades, donde el contacto y la comunicaci\u00f3n directa juegan un papel importante. Anne-Marie estudi\u00f3 la carrera de medicina general en la Universidad libre de \u00c1msterdam y comenz\u00f3 a ejercer como m\u00e9dico de cabecera en distintos consultorios y centros m\u00e9dicos en la zona de \u00c1msterdam\/Haarlem.<\/p>\t\t\t\t\t\t<\/div>\n\t\t\t\t<\/div>\n\t\t\t\t<div class=\"elementor-element elementor-element-3256c10 elementor-widget elementor-widget-text-editor\" data-id=\"3256c10\" data-element_type=\"widget\" data-widget_type=\"text-editor.default\">\n\t\t\t\t<div class=\"elementor-widget-container\">\n\t\t\t\t\t\t\t<p>Puede ponerse en contacto con Anne-Marie con todas sus preguntas y quejas grandes y peque\u00f1as con las que est\u00e1 acostumbrado a acudir a un m\u00e9dico de cabecera. Tiene afinidad especial con los ni\u00f1os, la salud mental, ginecolog\u00eda, cirug\u00edas menores y la medicina ortomolecular.<\/p>\t\t\t\t\t\t<\/div>\n\t\t\t\t<\/div>\n\t\t\t\t<div class=\"elementor-element elementor-element-6247f874 elementor-widget elementor-widget-text-editor\" data-id=\"6247f874\" data-element_type=\"widget\" data-widget_type=\"text-editor.default\">\n\t\t\t\t<div class=\"elementor-widget-container\">\n\t\t\t\t\t\t\t<p>Para Anne-Marie el contacto directo es muy importante y le gusta dedicarle a usted el tiempo que necesite para poder valorarle bien. Desde su visi\u00f3n sobre la salud cree que es importante ver la imagen completa del paciente para entender su problema de salud, tanto en el \u00e1mbito m\u00e9dico como mental e incluso en el estilo de vida y la nutrici\u00f3n, por ejemplo.<\/p>\t\t\t\t\t\t<\/div>\n\t\t\t\t<\/div>\n\t\t\t\t\t<\/div>\n\t\t<\/div>\n\t\t\t\t\t\t\t<\/div>\n\t\t<\/section>\n\t\t\t\t\t<\/div>\n\t\t<\/div>\n\t\t\t\t\t\t\t<\/div>\n\t\t<\/section>\n\t\t\t\t\t\t\t<\/div>\n\t\t","protected":false},"excerpt":{"rendered":"<p>Anne-Marie Le Clercq Anne-Marie Le Clerq ejerce como m\u00e9dico de cabecera desde 2019 y desde 2021 en la Costa Blanca. Tras finalizar sus estudios en Psicolog\u00eda en Utrecht y Medicina en Groningen obtuvo experiencia en el \u00e1mbito de psiquiatr\u00eda infantil y el cuidado de personas mayores. Su deseo de convertirse en m\u00e9dico de cabecera provino [&hellip;]<\/p>\n","protected":false},"author":1,"featured_media":23540,"parent":24389,"menu_order":2,"comment_status":"closed","ping_status":"closed","template":"","meta":{"footnotes":""},"class_list":["post-23969","page","type-page","status-publish","has-post-thumbnail","hentry"],"yoast_head":"<!-- This site is optimized with the Yoast SEO plugin v20.2 - https:\/\/yoast.com\/wordpress\/plugins\/seo\/ -->\n<title>M\u00e9dica de cabecera Javea Dra. Le Clercq - Clinica La Lluca<\/title>\n<meta name=\"description\" content=\"La Dra. Anne-Marie Le Clercq es una m\u00e9dica de cabecera familiar en J\u00e1vea con pr\u00e1ctica en la Cl\u00ednica La Lluca en la Costa Blanca.\" \/>\n<meta name=\"robots\" content=\"index, follow, max-snippet:-1, max-image-preview:large, max-video-preview:-1\" \/>\n<link rel=\"canonical\" href=\"https:\/\/huisartsjavea.com\/es\/medicos-de-cabecera\/javea-anne-marie-le-clercq\/\" \/>\n<meta property=\"og:locale\" content=\"es_ES\" \/>\n<meta property=\"og:type\" content=\"article\" \/>\n<meta property=\"og:title\" content=\"M\u00e9dica de cabecera Javea Dra. Le Clercq - Clinica La Lluca\" \/>\n<meta property=\"og:description\" content=\"La Dra. Anne-Marie Le Clercq es una m\u00e9dica de cabecera familiar en J\u00e1vea con pr\u00e1ctica en la Cl\u00ednica La Lluca en la Costa Blanca.\" \/>\n<meta property=\"og:url\" content=\"https:\/\/huisartsjavea.com\/es\/medicos-de-cabecera\/javea-anne-marie-le-clercq\/\" \/>\n<meta property=\"og:site_name\" content=\"Huisarts Javea\" \/>\n<meta property=\"article:modified_time\" content=\"2023-03-22T16:28:01+00:00\" \/>\n<meta property=\"og:image\" content=\"https:\/\/huisartsjavea.com\/wp-content\/uploads\/2023\/02\/Anne-Marie-Le-Clercq-Huisarts-Javea-1.jpg\" \/>\n\t<meta property=\"og:image:width\" content=\"1147\" \/>\n\t<meta property=\"og:image:height\" content=\"1485\" \/>\n\t<meta property=\"og:image:type\" content=\"image\/jpeg\" \/>\n<meta name=\"twitter:card\" content=\"summary_large_image\" \/>\n<meta name=\"twitter:label1\" content=\"Tiempo de lectura\" \/>\n\t<meta name=\"twitter:data1\" content=\"2 minutos\" \/>\n<script type=\"application\/ld+json\" class=\"yoast-schema-graph\">{\"@context\":\"https:\/\/schema.org\",\"@graph\":[{\"@type\":\"WebPage\",\"@id\":\"https:\/\/huisartsjavea.com\/es\/medicos-de-cabecera\/javea-anne-marie-le-clercq\/\",\"url\":\"https:\/\/huisartsjavea.com\/es\/medicos-de-cabecera\/javea-anne-marie-le-clercq\/\",\"name\":\"M\u00e9dica de cabecera Javea Dra. Le Clercq - Clinica La Lluca\",\"isPartOf\":{\"@id\":\"https:\/\/huisartsjavea.com\/#website\"},\"datePublished\":\"2023-02-14T13:32:22+00:00\",\"dateModified\":\"2023-03-22T16:28:01+00:00\",\"description\":\"La Dra. Anne-Marie Le Clercq es una m\u00e9dica de cabecera familiar en J\u00e1vea con pr\u00e1ctica en la Cl\u00ednica La Lluca en la Costa Blanca.\",\"breadcrumb\":{\"@id\":\"https:\/\/huisartsjavea.com\/es\/medicos-de-cabecera\/javea-anne-marie-le-clercq\/#breadcrumb\"},\"inLanguage\":\"es\",\"potentialAction\":[{\"@type\":\"ReadAction\",\"target\":[\"https:\/\/huisartsjavea.com\/es\/medicos-de-cabecera\/javea-anne-marie-le-clercq\/\"]}]},{\"@type\":\"BreadcrumbList\",\"@id\":\"https:\/\/huisartsjavea.com\/es\/medicos-de-cabecera\/javea-anne-marie-le-clercq\/#breadcrumb\",\"itemListElement\":[{\"@type\":\"ListItem\",\"position\":1,\"name\":\"Home\",\"item\":\"https:\/\/huisartsjavea.com\/es\/\"},{\"@type\":\"ListItem\",\"position\":2,\"name\":\"M\u00e9dicos de cabecera\",\"item\":\"https:\/\/huisartsjavea.com\/es\/medicos-de-cabecera\/\"},{\"@type\":\"ListItem\",\"position\":3,\"name\":\"M\u00e9dico de cabecera\"}]},{\"@type\":\"WebSite\",\"@id\":\"https:\/\/huisartsjavea.com\/#website\",\"url\":\"https:\/\/huisartsjavea.com\/\",\"name\":\"Huisarts Javea\",\"description\":\"Clinic La Lluca\",\"potentialAction\":[{\"@type\":\"SearchAction\",\"target\":{\"@type\":\"EntryPoint\",\"urlTemplate\":\"https:\/\/huisartsjavea.com\/?s={search_term_string}\"},\"query-input\":\"required name=search_term_string\"}],\"inLanguage\":\"es\"}]}<\/script>\n<!-- \/ Yoast SEO plugin. -->","yoast_head_json":{"title":"M\u00e9dica de cabecera Javea Dra. Le Clercq - Clinica La Lluca","description":"La Dra. Anne-Marie Le Clercq es una m\u00e9dica de cabecera familiar en J\u00e1vea con pr\u00e1ctica en la Cl\u00ednica La Lluca en la Costa Blanca.","robots":{"index":"index","follow":"follow","max-snippet":"max-snippet:-1","max-image-preview":"max-image-preview:large","max-video-preview":"max-video-preview:-1"},"canonical":"https:\/\/huisartsjavea.com\/es\/medicos-de-cabecera\/javea-anne-marie-le-clercq\/","og_locale":"es_ES","og_type":"article","og_title":"M\u00e9dica de cabecera Javea Dra. Le Clercq - Clinica La Lluca","og_description":"La Dra. Anne-Marie Le Clercq es una m\u00e9dica de cabecera familiar en J\u00e1vea con pr\u00e1ctica en la Cl\u00ednica La Lluca en la Costa Blanca.","og_url":"https:\/\/huisartsjavea.com\/es\/medicos-de-cabecera\/javea-anne-marie-le-clercq\/","og_site_name":"Huisarts Javea","article_modified_time":"2023-03-22T16:28:01+00:00","og_image":[{"width":1147,"height":1485,"url":"https:\/\/huisartsjavea.com\/wp-content\/uploads\/2023\/02\/Anne-Marie-Le-Clercq-Huisarts-Javea-1.jpg","type":"image\/jpeg"}],"twitter_card":"summary_large_image","twitter_misc":{"Tiempo de lectura":"2 minutos"},"schema":{"@context":"https:\/\/schema.org","@graph":[{"@type":"WebPage","@id":"https:\/\/huisartsjavea.com\/es\/medicos-de-cabecera\/javea-anne-marie-le-clercq\/","url":"https:\/\/huisartsjavea.com\/es\/medicos-de-cabecera\/javea-anne-marie-le-clercq\/","name":"M\u00e9dica de cabecera Javea Dra. Le Clercq - Clinica La Lluca","isPartOf":{"@id":"https:\/\/huisartsjavea.com\/#website"},"datePublished":"2023-02-14T13:32:22+00:00","dateModified":"2023-03-22T16:28:01+00:00","description":"La Dra. Anne-Marie Le Clercq es una m\u00e9dica de cabecera familiar en J\u00e1vea con pr\u00e1ctica en la Cl\u00ednica La Lluca en la Costa Blanca.","breadcrumb":{"@id":"https:\/\/huisartsjavea.com\/es\/medicos-de-cabecera\/javea-anne-marie-le-clercq\/#breadcrumb"},"inLanguage":"es","potentialAction":[{"@type":"ReadAction","target":["https:\/\/huisartsjavea.com\/es\/medicos-de-cabecera\/javea-anne-marie-le-clercq\/"]}]},{"@type":"BreadcrumbList","@id":"https:\/\/huisartsjavea.com\/es\/medicos-de-cabecera\/javea-anne-marie-le-clercq\/#breadcrumb","itemListElement":[{"@type":"ListItem","position":1,"name":"Home","item":"https:\/\/huisartsjavea.com\/es\/"},{"@type":"ListItem","position":2,"name":"M\u00e9dicos de cabecera","item":"https:\/\/huisartsjavea.com\/es\/medicos-de-cabecera\/"},{"@type":"ListItem","position":3,"name":"M\u00e9dico de cabecera"}]},{"@type":"WebSite","@id":"https:\/\/huisartsjavea.com\/#website","url":"https:\/\/huisartsjavea.com\/","name":"Huisarts Javea","description":"Clinic La Lluca","potentialAction":[{"@type":"SearchAction","target":{"@type":"EntryPoint","urlTemplate":"https:\/\/huisartsjavea.com\/?s={search_term_string}"},"query-input":"required name=search_term_string"}],"inLanguage":"es"}]}},"_links":{"self":[{"href":"https:\/\/huisartsjavea.com\/es\/wp-json\/wp\/v2\/pages\/23969","targetHints":{"allow":["GET"]}}],"collection":[{"href":"https:\/\/huisartsjavea.com\/es\/wp-json\/wp\/v2\/pages"}],"about":[{"href":"https:\/\/huisartsjavea.com\/es\/wp-json\/wp\/v2\/types\/page"}],"author":[{"embeddable":true,"href":"https:\/\/huisartsjavea.com\/es\/wp-json\/wp\/v2\/users\/1"}],"replies":[{"embeddable":true,"href":"https:\/\/huisartsjavea.com\/es\/wp-json\/wp\/v2\/comments?post=23969"}],"version-history":[{"count":5,"href":"https:\/\/huisartsjavea.com\/es\/wp-json\/wp\/v2\/pages\/23969\/revisions"}],"predecessor-version":[{"id":24753,"href":"https:\/\/huisartsjavea.com\/es\/wp-json\/wp\/v2\/pages\/23969\/revisions\/24753"}],"up":[{"embeddable":true,"href":"https:\/\/huisartsjavea.com\/es\/wp-json\/wp\/v2\/pages\/24389"}],"wp:featuredmedia":[{"embeddable":true,"href":"https:\/\/huisartsjavea.com\/es\/wp-json\/wp\/v2\/media\/23540"}],"wp:attachment":[{"href":"https:\/\/huisartsjavea.com\/es\/wp-json\/wp\/v2\/media?parent=23969"}],"curies":[{"name":"wp","href":"https:\/\/api.w.org\/{rel}","templated":true}]}}